{"id":1475,"date":"2024-06-22T11:54:58","date_gmt":"2024-06-22T14:54:58","guid":{"rendered":"https:\/\/midi.ar\/?page_id=1475"},"modified":"2024-07-09T12:48:53","modified_gmt":"2024-07-09T15:48:53","slug":"1475-2","status":"publish","type":"page","link":"https:\/\/midi.ar\/index.php\/1475-2\/","title":{"rendered":"Masterclass \u00bfc\u00f3mo emprender en moda?"},"content":{"rendered":"<p>[et_pb_section fb_built=\u00bb1&#8243; inner_shadow=\u00bbon\u00bb specialty=\u00bbon\u00bb use_background_color_gradient_1=\u00bboff\u00bb use_background_color_gradient_2=\u00bboff\u00bb _builder_version=\u00bb4.21.0&#8243; _module_preset=\u00bbdefault\u00bb background_image=\u00bbhttps:\/\/midi.ar\/wp-content\/uploads\/2024\/04\/3.png\u00bb background_position=\u00bbtop_right\u00bb background_blend=\u00bbdarken\u00bb positioning=\u00bbnone\u00bb position_origin_f=\u00bbbottom_left\u00bb z_index=\u00bb0&#8243; overflow-y=\u00bbvisible\u00bb filter_contrast=\u00bb92%\u00bb hover_transition_speed_curve=\u00bbease-in-out\u00bb sticky_position=\u00bbtop\u00bb sticky_offset_surrounding=\u00bboff\u00bb sticky_transition=\u00bboff\u00bb locked=\u00bboff\u00bb global_colors_info=\u00bb{}\u00bb background__hover_enabled=\u00bbon|desktop\u00bb][et_pb_column type=\u00bb1_2&#8243; specialty_columns=\u00bb2&#8243; _builder_version=\u00bb4.16&#8243; custom_padding=\u00bb|||\u00bb global_colors_info=\u00bb{}\u00bb custom_padding__hover=\u00bb|||\u00bb][et_pb_row_inner _builder_version=\u00bb4.21.0&#8243; _module_preset=\u00bbdefault\u00bb global_colors_info=\u00bb{}\u00bb][et_pb_column_inner saved_specialty_column_type=\u00bb1_2&#8243; _builder_version=\u00bb4.21.0&#8243; _module_preset=\u00bbdefault\u00bb global_colors_info=\u00bb{}\u00bb][et_pb_text _builder_version=\u00bb4.21.0&#8243; _module_preset=\u00bbdefault\u00bb text_font=\u00bbLOTA GROTESQUE BOLD||||||||\u00bb text_font_size=\u00bb46px\u00bb text_line_height=\u00bb1.1em\u00bb width=\u00bb114.6%\u00bb custom_margin=\u00bb9px|-22px|||false|false\u00bb custom_margin_tablet=\u00bb10px||||false|false\u00bb custom_margin_phone=\u00bb11px||||false|false\u00bb custom_margin_last_edited=\u00bbon|desktop\u00bb custom_padding=\u00bb|30px||||\u00bb text_font_size_tablet=\u00bb28px\u00bb text_font_size_phone=\u00bb26px\u00bb text_font_size_last_edited=\u00bbon|phone\u00bb text_text_shadow_style=\u00bbpreset3&#8243; global_colors_info=\u00bb{}\u00bb]<\/p>\n<div class=\"et-fb-mousetrap et-fb-mousetrap--column\" style=\"top: -2.8px; bottom: 0px;\"><\/div>\n<div class=\"et_fb_editing_enabled et_fb_element_controls_visible et-module-99b8afc5-4eec-4f14-af58-407fd0153295 et_pb_text et_pb_module ui-sortable et_pb_text_0 et-animated--vb et_pb_text_align_left et_pb_bg_layout_light et-fb-module--short et-fb-module--first-order et-pb-with-global-presets et-first-child et-last-child\" data-address=\"1.0.0.0.0\" dynamic=\"[object Object]\" matching=\"[object Object]\" parent_slug=\"et_pb_column_inner\" theme_builder_suffix=\"\" wp_editor_suffix=\"\" wrapper_settings=\"[object Object]\" _key=\"99b8afc5-4eec-4f14-af58-407fd0153295\" style=\"transition: none 0s ease 0s;\">\n<div class=\"et_pb_text_inner\">\n<div data-shortcode-id=\"1.0.0.0.0-1719065236417\" data-quickaccess-editable=\"yes\" class=\"et-fb-popover-tinymce\">\n<div class=\"mce-content-body\" contenteditable=\"true\" style=\"position: relative;\" data-lt-tmp-id=\"lt-778889\" spellcheck=\"false\" data-gramm=\"false\">\n<p><span style=\"color: #ffffff;\">Masterclass \u00bfc\u00f3mo emprender en moda?<\/span><\/p>\n<\/div>\n<\/div>\n<\/div>\n<\/div>\n<p>[\/et_pb_text][\/et_pb_column_inner][\/et_pb_row_inner][\/et_pb_column][et_pb_column type=\u00bb1_2&#8243; _builder_version=\u00bb4.16&#8243; custom_padding=\u00bb|||\u00bb global_colors_info=\u00bb{}\u00bb custom_padding__hover=\u00bb|||\u00bb][et_pb_button url_new_window=\u00bbon\u00bb button_text=\u00bbInscripciones Cerradas\u00bb button_alignment=\u00bbright\u00bb button_alignment_tablet=\u00bbleft\u00bb button_alignment_phone=\u00bbleft\u00bb button_alignment_last_edited=\u00bbon|desktop\u00bb _builder_version=\u00bb4.21.0&#8243; _module_preset=\u00bbdefault\u00bb custom_button=\u00bbon\u00bb button_text_size=\u00bb24px\u00bb button_text_color=\u00bb#ffffff\u00bb button_bg_color=\u00bb#ED7A00&#8243; button_border_width=\u00bb7px\u00bb button_border_color=\u00bb#ED7A00&#8243; button_border_radius=\u00bb100px\u00bb button_font=\u00bbLOTA GROTESQUE REGULAR||||||||\u00bb button_use_icon=\u00bboff\u00bb button_rel=\u00bboff|off|off|off|off\u00bb background_layout=\u00bbdark\u00bb custom_margin=\u00bb24px||||false|false\u00bb custom_margin_tablet=\u00bb-36px||19px||false|false\u00bb custom_margin_phone=\u00bb-36px||||false|false\u00bb custom_margin_last_edited=\u00bbon|phone\u00bb animation_style=\u00bbbounce\u00bb button_text_size_tablet=\u00bb16px\u00bb button_text_size_phone=\u00bb13px\u00bb button_text_size_last_edited=\u00bbon|tablet\u00bb locked=\u00bboff\u00bb global_colors_info=\u00bb{}\u00bb custom_margin__hover_enabled=\u00bboff|hover\u00bb][\/et_pb_button][\/et_pb_column][\/et_pb_section][et_pb_section fb_built=\u00bb1&#8243; admin_label=\u00bbInfo sobre el curso\u00bb _builder_version=\u00bb4.21.0&#8243; _module_preset=\u00bbdefault\u00bb custom_padding=\u00bb||0px|||\u00bb locked=\u00bboff\u00bb collapsed=\u00bbon\u00bb global_colors_info=\u00bb{}\u00bb][et_pb_row column_structure=\u00bb1_2,1_2&#8243; _builder_version=\u00bb4.21.0&#8243; _module_preset=\u00bbdefault\u00bb custom_padding=\u00bb||16px|||\u00bb global_colors_info=\u00bb{}\u00bb][et_pb_column type=\u00bb1_2&#8243; _builder_version=\u00bb4.21.0&#8243; _module_preset=\u00bbdefault\u00bb background_color=\u00bb#eaebef\u00bb border_radii=\u00bbon|30px|30px|30px|30px\u00bb global_colors_info=\u00bb{}\u00bb][et_pb_blurb title=\u00bb\u00a1Potencia tu emprendimiento! \u00bb title_last_edited=\u00bboff|desktop\u00bb _builder_version=\u00bb4.21.0&#8243; _module_preset=\u00bbdefault\u00bb header_font=\u00bbLOTA GROTESQUE BOLD||||||||\u00bb header_font_size=\u00bb37px\u00bb body_text_color=\u00bb#2B2C50&#8243; body_font_size=\u00bb18px\u00bb body_line_height=\u00bb1.4em\u00bb min_height=\u00bb198.5px\u00bb custom_margin=\u00bb37px||37px||true|false\u00bb custom_margin_last_edited=\u00bboff|desktop\u00bb custom_padding=\u00bb|33px|0px|33px||true\u00bb header_font_size_tablet=\u00bb37px\u00bb header_font_size_phone=\u00bb26px\u00bb header_font_size_last_edited=\u00bbon|desktop\u00bb body_font_size_tablet=\u00bb16px\u00bb body_font_size_phone=\u00bb14px\u00bb body_font_size_last_edited=\u00bbon|desktop\u00bb global_colors_info=\u00bb{}\u00bb]<\/p>\n<p><span style=\"font-weight: 400;\">Nos complace presentarles un programa integral dise\u00f1ado para potenciar sus habilidades y conocimientos en \u00e1reas clave del emprendimiento en moda. Nuestro objetivo es proporcionarles las herramientas necesarias para gestionar con \u00e9xito un emprendimiento de moda, abarcando desde la concepci\u00f3n de una idea hasta la realizaci\u00f3n y comercializaci\u00f3n de sus colecciones. Al finalizar la masterclass, los participantes estar\u00e1n equipados con todas las herramientas necesarias para iniciar y gestionar eficazmente un emprendimiento en el sector de la moda.<\/span><\/p>\n<p>[\/et_pb_blurb][\/et_pb_column][et_pb_column type=\u00bb1_2&#8243; _builder_version=\u00bb4.21.0&#8243; _module_preset=\u00bbdefault\u00bb global_colors_info=\u00bb{}\u00bb][et_pb_image src=\u00bbhttps:\/\/midi.ar\/wp-content\/uploads\/2024\/06\/moda-scaled.jpg\u00bb title_text=\u00bbmoda\u00bb force_fullwidth=\u00bbon\u00bb _builder_version=\u00bb4.21.0&#8243; _module_preset=\u00bbdefault\u00bb scroll_horizontal_motion_enable=\u00bbon\u00bb scroll_horizontal_motion=\u00bb0|70|70|100|0.3|0|0&#8243; motion_trigger_start=\u00bbtop\u00bb border_radii=\u00bbon|30px|30px|30px|30px\u00bb locked=\u00bboff\u00bb global_colors_info=\u00bb{}\u00bb][\/et_pb_image][\/et_pb_column][\/et_pb_row][\/et_pb_section][et_pb_section fb_built=\u00bb1&#8243; disabled_on=\u00bboff|off|off\u00bb _builder_version=\u00bb4.21.0&#8243; _module_preset=\u00bbdefault\u00bb custom_padding=\u00bb21px||21px||true|\u00bb locked=\u00bboff\u00bb global_colors_info=\u00bb{}\u00bb][et_pb_row column_structure=\u00bb1_3,1_3,1_3&#8243; make_equal=\u00bbon\u00bb disabled_on=\u00bboff|off|off\u00bb _builder_version=\u00bb4.21.0&#8243; _module_preset=\u00bbdefault\u00bb custom_margin_tablet=\u00bb||||false|false\u00bb custom_margin_phone=\u00bb-5px|auto||auto|false|false\u00bb custom_margin_last_edited=\u00bbon|tablet\u00bb custom_padding=\u00bb0px||0px||true|\u00bb animation_style=\u00bbfade\u00bb overflow-y_last_edited=\u00bboff|desktop\u00bb global_colors_info=\u00bb{}\u00bb][et_pb_column type=\u00bb1_3&#8243; _builder_version=\u00bb4.21.0&#8243; _module_preset=\u00bbdefault\u00bb global_colors_info=\u00bb{}\u00bb][et_pb_blurb use_icon=\u00bbon\u00bb font_icon=\u00bb&#xe023;||divi||400&#8243; image_icon_width=\u00bb69px\u00bb _builder_version=\u00bb4.21.0&#8243; _module_preset=\u00bbdefault\u00bb header_font=\u00bbLOTA GROTESQUE BOLD||||||||\u00bb header_text_align=\u00bbcenter\u00bb header_font_size=\u00bb24px\u00bb body_font=\u00bbLOTA GROTESQUE BOLD||||||||\u00bb body_text_align=\u00bbcenter\u00bb body_font_size=\u00bb24px\u00bb background_color=\u00bb#eaebef\u00bb min_height=\u00bb147.2px\u00bb custom_margin=\u00bb||||false|false\u00bb custom_padding=\u00bb21px||21px||true|\u00bb animation=\u00bbbottom\u00bb body_font_size_tablet=\u00bb\u00bb body_font_size_phone=\u00bb\u00bb body_font_size_last_edited=\u00bbon|phone\u00bb border_radii=\u00bbon|30px|30px|30px|30px\u00bb global_colors_info=\u00bb{}\u00bb]<\/p>\n<p>28 de Junio\u00a0<\/p>\n<p>[\/et_pb_blurb][\/et_pb_column][et_pb_column type=\u00bb1_3&#8243; _builder_version=\u00bb4.21.0&#8243; _module_preset=\u00bbdefault\u00bb global_colors_info=\u00bb{}\u00bb][et_pb_blurb title=\u00bb15:30 Hs\u00bb use_icon=\u00bbon\u00bb font_icon=\u00bb&#xf017;||fa||400&#8243; image_icon_width=\u00bb69px\u00bb _builder_version=\u00bb4.21.0&#8243; _module_preset=\u00bbdefault\u00bb header_font=\u00bbLOTA GROTESQUE BOLD||||||||\u00bb header_text_align=\u00bbcenter\u00bb header_font_size=\u00bb24px\u00bb background_color=\u00bb#eaebef\u00bb min_height=\u00bb147.2px\u00bb custom_margin=\u00bb||||false|false\u00bb custom_padding=\u00bb21px||21px||true|\u00bb animation=\u00bbbottom\u00bb border_radii=\u00bbon|30px|30px|30px|30px\u00bb global_colors_info=\u00bb{}\u00bb][\/et_pb_blurb][\/et_pb_column][et_pb_column type=\u00bb1_3&#8243; _builder_version=\u00bb4.21.0&#8243; _module_preset=\u00bbdefault\u00bb global_colors_info=\u00bb{}\u00bb][et_pb_blurb title=\u00bbCasa de la Cultura &#8211; San Vicente\u00bb use_icon=\u00bbon\u00bb font_icon=\u00bb&#xe08a;||divi||400&#8243; image_icon_width=\u00bb69px\u00bb _builder_version=\u00bb4.21.0&#8243; _module_preset=\u00bbdefault\u00bb header_font=\u00bbLOTA GROTESQUE BOLD||||||||\u00bb header_text_align=\u00bbcenter\u00bb header_font_size=\u00bb24px\u00bb background_color=\u00bb#eaebef\u00bb min_height=\u00bb147.2px\u00bb custom_margin=\u00bb||||false|false\u00bb custom_padding=\u00bb21px||21px||true|\u00bb animation=\u00bbbottom\u00bb border_radii=\u00bbon|30px|30px|30px|30px\u00bb global_colors_info=\u00bb{}\u00bb][\/et_pb_blurb][\/et_pb_column][\/et_pb_row][\/et_pb_section][et_pb_section fb_built=\u00bb1&#8243; admin_label=\u00bbobjetivo del curso\u00bb _builder_version=\u00bb4.21.0&#8243; _module_preset=\u00bbdefault\u00bb custom_padding=\u00bb2px||17px||false|\u00bb locked=\u00bboff\u00bb global_colors_info=\u00bb{}\u00bb][et_pb_row _builder_version=\u00bb4.21.0&#8243; _module_preset=\u00bbdefault\u00bb custom_margin=\u00bb-11px|auto|-7px|auto||\u00bb custom_padding=\u00bb24px||24px||true|\u00bb global_colors_info=\u00bb{}\u00bb][et_pb_column type=\u00bb4_4&#8243; _builder_version=\u00bb4.21.0&#8243; _module_preset=\u00bbdefault\u00bb global_colors_info=\u00bb{}\u00bb][et_pb_cta title=\u00bbObjetivo del curso\u00bb button_text=\u00bbClics\u00bb _builder_version=\u00bb4.21.0&#8243; _module_preset=\u00bbdefault\u00bb header_font=\u00bbLOTA GROTESQUE BOLD||||||||\u00bb header_font_size=\u00bb37px\u00bb body_font=\u00bbLOTA GROTESQUE REGULAR||||||||\u00bb body_font_size=\u00bb18px\u00bb body_line_height=\u00bb1.4em\u00bb custom_padding=\u00bb31px||8px||false|\u00bb header_font_size_tablet=\u00bb37px\u00bb header_font_size_phone=\u00bb26px\u00bb header_font_size_last_edited=\u00bbon|desktop\u00bb body_font_size_tablet=\u00bb16px\u00bb body_font_size_phone=\u00bb14px\u00bb body_font_size_last_edited=\u00bbon|desktop\u00bb border_radii=\u00bbon|30px|30px|30px|30px\u00bb global_colors_info=\u00bb{}\u00bb]<\/p>\n<p>Nuestro objetivo es proporcionar a los emprendedores las herramientas necesarias para gestionar con exito un emprendimiento de moda.<\/p>\n<p>[\/et_pb_cta][\/et_pb_column][\/et_pb_row][\/et_pb_section][et_pb_section fb_built=\u00bb1&#8243; admin_label=\u00bbtemario\u00bb _builder_version=\u00bb4.21.0&#8243; _module_preset=\u00bbdefault\u00bb custom_padding=\u00bb31px||31px||true|\u00bb locked=\u00bboff\u00bb global_colors_info=\u00bb{}\u00bb][et_pb_row _builder_version=\u00bb4.23.2&#8243; _module_preset=\u00bbdefault\u00bb custom_padding=\u00bb3px||3px||true|\u00bb global_colors_info=\u00bb{}\u00bb][et_pb_column type=\u00bb4_4&#8243; _builder_version=\u00bb4.23.2&#8243; _module_preset=\u00bbdefault\u00bb global_colors_info=\u00bb{}\u00bb][et_pb_text _builder_version=\u00bb4.21.0&#8243; _module_preset=\u00bbdefault\u00bb text_font=\u00bbLOTA GROTESQUE BOLD||||||||\u00bb text_text_color=\u00bb#3F4376&#8243; text_font_size=\u00bb37px\u00bb text_orientation=\u00bbcenter\u00bb custom_margin=\u00bb||9px|||\u00bb custom_padding=\u00bb||0px|||\u00bb text_font_size_tablet=\u00bb37px\u00bb text_font_size_phone=\u00bb26px\u00bb text_font_size_last_edited=\u00bbon|phone\u00bb global_colors_info=\u00bb{}\u00bb]<\/p>\n<p style=\"text-align: left;\">\u00bfQu\u00e9 vas a aprender?<\/p>\n<p>[\/et_pb_text][et_pb_accordion open_toggle_text_color=\u00bb#585FA6&#8243; open_toggle_background_color=\u00bbRGBA(255,255,255,0)\u00bb closed_toggle_background_color=\u00bbRGBA(255,255,255,0)\u00bb toggle_icon=\u00bb&#xf063;||fa||900&#8243; icon_color=\u00bbgcid-c9ec881e-ca46-4387-bf7a-f2b34d8141ee\u00bb use_icon_font_size=\u00bbon\u00bb _builder_version=\u00bb4.21.0&#8243; _module_preset=\u00bbdefault\u00bb toggle_text_color=\u00bb#2B2C50&#8243; toggle_font=\u00bbSpace Grotesk|500|||||||\u00bb toggle_font_size=\u00bb36px\u00bb toggle_line_height=\u00bb1.4em\u00bb body_font_size=\u00bb15px\u00bb body_line_height=\u00bb1.8em\u00bb custom_margin=\u00bb-5px|||||\u00bb toggle_font_size_tablet=\u00bb20px\u00bb toggle_font_size_phone=\u00bb16px\u00bb toggle_font_size_last_edited=\u00bbon|desktop\u00bb body_font_size_tablet=\u00bb15px\u00bb body_font_size_phone=\u00bb14px\u00bb body_font_size_last_edited=\u00bbon|desktop\u00bb border_width_all=\u00bb0px\u00bb border_color_all=\u00bb#F7B033&#8243; border_width_bottom=\u00bb2px\u00bb locked=\u00bboff\u00bb global_colors_info=\u00bb{%22gcid-c9ec881e-ca46-4387-bf7a-f2b34d8141ee%22:%91%22icon_color%22%93}\u00bb][et_pb_accordion_item open=\u00bbon\u00bb open_toggle_text_color=\u00bb#585FA6&#8243; closed_toggle_text_color=\u00bb#3F4376&#8243; icon_color=\u00bb#258651&#8243; _builder_version=\u00bb4.21.0&#8243; _module_preset=\u00bbdefault\u00bb body_text_color=\u00bb#2B2C50&#8243; body_font_size=\u00bb18px\u00bb custom_padding=\u00bb|0px||0px|false|true\u00bb body_font_size_tablet=\u00bb16px\u00bb body_font_size_phone=\u00bb14px\u00bb body_font_size_last_edited=\u00bbon|phone\u00bb border_color_all=\u00bb#258651&#8243; global_colors_info=\u00bb{}\u00bb toggle_text_color=\u00bb#3F4376&#8243; toggle_font=\u00bbLOTA GROTESQUE SEMI BOLD|500|||||||\u00bb toggle_text_align=\u00bbleft\u00bb toggle_font_size=\u00bb25px\u00bb toggle_font_size_tablet=\u00bb20px\u00bb toggle_font_size_phone=\u00bb20px\u00bb toggle_font_size_last_edited=\u00bbon|desktop\u00bb]<\/p>\n<ul>\n<li><span style=\"font-weight: 400;\">Desarrollar y gestionar un emprendimiento de moda:\u00a0 Adquirir conocimientos sobre la gesti\u00f3n empresarial y las estrategias de negocio espec\u00edficas para la industria de la moda.<\/span><\/li>\n<li><span style=\"font-weight: 400;\">Entender y aplicar tendencias de moda:\u00a0 Identificar y analizar las tendencias globales y c\u00f3mo adaptarlas a su mercado objetivo.<\/span><\/li>\n<li><span style=\"font-weight: 400;\">Crear y gestionar colecciones de moda: Aprender el proceso de creaci\u00f3n de una colecci\u00f3n, desde la investigaci\u00f3n y desarrollo hasta la producci\u00f3n y lanzamiento.<\/span><\/li>\n<li><span style=\"font-weight: 400;\">Interpretaci\u00f3n, molder\u00eda y la elaboraci\u00f3n de fichas t\u00e9cnicas:<\/span><\/li>\n<li><span style=\"font-weight: 400;\">Introducci\u00f3n general al proceso de molder\u00eda, as\u00ed como la elaboraci\u00f3n precisa de fichas t\u00e9cnicas para una comunicaci\u00f3n efectiva con los equipos de producci\u00f3n.<\/span><\/li>\n<\/ul>\n<p>[\/et_pb_accordion_item][\/et_pb_accordion][\/et_pb_column][\/et_pb_row][\/et_pb_section][et_pb_section fb_built=\u00bb1&#8243; admin_label=\u00bba quien va dirigido\u00bb _builder_version=\u00bb4.21.0&#8243; _module_preset=\u00bbdefault\u00bb custom_padding=\u00bb15px||15px||true|\u00bb locked=\u00bboff\u00bb global_colors_info=\u00bb{}\u00bb][et_pb_row _builder_version=\u00bb4.21.0&#8243; _module_preset=\u00bbdefault\u00bb background_color=\u00bbRGBA(255,255,255,0)\u00bb custom_padding=\u00bb0px||0px||true|\u00bb global_colors_info=\u00bb{}\u00bb][et_pb_column type=\u00bb4_4&#8243; _builder_version=\u00bb4.21.0&#8243; _module_preset=\u00bbdefault\u00bb global_colors_info=\u00bb{}\u00bb][et_pb_cta title=\u00bb\u00bfA qui\u00e9n va dirigido?\u00bb _builder_version=\u00bb4.21.0&#8243; _module_preset=\u00bbdefault\u00bb header_font=\u00bbLOTA GROTESQUE BOLD||||||||\u00bb header_text_align=\u00bbleft\u00bb header_text_color=\u00bb#3F4376&#8243; header_font_size=\u00bb37px\u00bb body_font=\u00bbLOTA GROTESQUE REGULAR||||||||\u00bb body_text_color=\u00bb#2B2C50&#8243; body_font_size=\u00bb18px\u00bb body_line_height=\u00bb1.4em\u00bb background_color=\u00bb#eaebef\u00bb custom_padding=\u00bb43px|36px|0px|36px||true\u00bb header_font_size_tablet=\u00bb37px\u00bb header_font_size_phone=\u00bb26px\u00bb header_font_size_last_edited=\u00bbon|phone\u00bb body_font_size_tablet=\u00bb16px\u00bb body_font_size_phone=\u00bb14px\u00bb body_font_size_last_edited=\u00bbon|desktop\u00bb border_radii=\u00bbon|30px|30px|30px|30px\u00bb global_colors_info=\u00bb{}\u00bb]<\/p>\n<ul>\n<li style=\"text-align: left;\">Estudiantes de Dise\u00f1o de Indumentaria<\/li>\n<li style=\"text-align: left;\">Estudiantes de Dise\u00f1o Industrial o carreras afines<\/li>\n<li style=\"text-align: left;\">Dise\u00f1adores idoneos<\/li>\n<\/ul>\n<p>[\/et_pb_cta][\/et_pb_column][\/et_pb_row][\/et_pb_section][et_pb_section fb_built=\u00bb1&#8243; _builder_version=\u00bb4.21.0&#8243; _module_preset=\u00bbdefault\u00bb global_colors_info=\u00bb{}\u00bb][et_pb_row column_structure=\u00bb1_3,1_3,1_3&#8243; _builder_version=\u00bb4.21.0&#8243; _module_preset=\u00bbdefault\u00bb global_colors_info=\u00bb{}\u00bb][et_pb_column type=\u00bb1_3&#8243; _builder_version=\u00bb4.21.0&#8243; _module_preset=\u00bbdefault\u00bb global_colors_info=\u00bb{}\u00bb][et_pb_image src=\u00bbhttps:\/\/midi.ar\/wp-content\/uploads\/2024\/04\/4.png\u00bb title_text=\u00bb4&#8243; align=\u00bbcenter\u00bb align_tablet=\u00bbcenter\u00bb align_phone=\u00bb\u00bb align_last_edited=\u00bbon|desktop\u00bb _builder_version=\u00bb4.21.0&#8243; _module_preset=\u00bbdefault\u00bb global_colors_info=\u00bb{}\u00bb][\/et_pb_image][et_pb_cta title=\u00bbMar\u00eda Elena Gregori\u00bb button_text=\u00bbClics\u00bb _builder_version=\u00bb4.21.0&#8243; _module_preset=\u00bbdefault\u00bb header_font=\u00bbLOTA GROTESQUE BOLD||||||||\u00bb header_text_align=\u00bbleft\u00bb header_font_size=\u00bb37px\u00bb body_font=\u00bbLOTA GROTESQUE REGULAR||||||||\u00bb body_text_align=\u00bbleft\u00bb body_font_size=\u00bb18px\u00bb body_line_height=\u00bb1.4em\u00bb background_color=\u00bb#585FA6&#8243; custom_padding=\u00bb31px||1px||false|\u00bb header_font_size_tablet=\u00bb37px\u00bb header_font_size_phone=\u00bb26px\u00bb header_font_size_last_edited=\u00bbon|phone\u00bb body_font_size_tablet=\u00bb16px\u00bb body_font_size_phone=\u00bb14px\u00bb body_font_size_last_edited=\u00bbon|desktop\u00bb border_radii=\u00bbon|30px|30px|30px|30px\u00bb global_colors_info=\u00bb{}\u00bb]<\/p>\n<p>Disertante<\/p>\n<p>T\u00e9cnica en dise\u00f1o de moda y producci\u00f3n de Indumentaria, recibida de la EPET\u00b02 Eva Duarte de Per\u00f3n. En 2020 hasta fines de 2023 trabaj\u00f3 en una marca local desarrollando productos de lencer\u00eda, pijamas, trajes de ba\u00f1o y corseter\u00eda, abarcando tareas de modelista, corte, confecci\u00f3n, manejo de redes sociales, y costos. La marca logr\u00f3 formar parte del Midi Fashion Week edici\u00f3n 2023. En 2020 trabaj\u00f3 en producci\u00f3n de indumentaria femenina para \u201cMOKSHA\u201d, obteniendo conocimientos en sublimaci\u00f3n. Desde 2022 trabaja con marcas locales brindando servicios de modelista, y desde fines de 2023 desarrolla capacitaciones en el Proyecto Misiones Dise\u00f1a, impulsando el mercado textil y de indumentaria en la provincia.<\/p>\n<p>[\/et_pb_cta][\/et_pb_column][et_pb_column type=\u00bb1_3&#8243; _builder_version=\u00bb4.21.0&#8243; _module_preset=\u00bbdefault\u00bb global_colors_info=\u00bb{}\u00bb][et_pb_image src=\u00bbhttps:\/\/midi.ar\/wp-content\/uploads\/2024\/06\/5.png\u00bb title_text=\u00bb5&#8243; align=\u00bbcenter\u00bb align_tablet=\u00bbcenter\u00bb align_phone=\u00bb\u00bb align_last_edited=\u00bbon|desktop\u00bb _builder_version=\u00bb4.21.0&#8243; _module_preset=\u00bbdefault\u00bb global_colors_info=\u00bb{}\u00bb][\/et_pb_image][et_pb_cta title=\u00bbPamela Gali\u00e1n\u00bb button_text=\u00bbClics\u00bb _builder_version=\u00bb4.21.0&#8243; _module_preset=\u00bbdefault\u00bb header_font=\u00bbLOTA GROTESQUE BOLD||||||||\u00bb header_text_align=\u00bbleft\u00bb header_font_size=\u00bb37px\u00bb body_font=\u00bbLOTA GROTESQUE REGULAR||||||||\u00bb body_text_align=\u00bbleft\u00bb body_font_size=\u00bb18px\u00bb body_line_height=\u00bb1.4em\u00bb background_color=\u00bb#585FA6&#8243; custom_padding=\u00bb31px||1px||false|\u00bb header_font_size_tablet=\u00bb37px\u00bb header_font_size_phone=\u00bb26px\u00bb header_font_size_last_edited=\u00bbon|phone\u00bb body_font_size_tablet=\u00bb16px\u00bb body_font_size_phone=\u00bb14px\u00bb body_font_size_last_edited=\u00bbon|desktop\u00bb border_radii=\u00bbon|30px|30px|30px|30px\u00bb global_colors_info=\u00bb{}\u00bb]<\/p>\n<p>Disertante<\/p>\n<p>Dise\u00f1adora de Indumentaria FADU, UBA. Trabaj\u00f3 en cine y cortometrajes, as\u00ed como asistente de Cintia Sasson, vestuarista de \u00f3pera del Teatro Col\u00f3n. Tuvo experiencias en marcas como COMA, EPICA y MARIA LOMBARDI. Adem\u00e1s, imparti\u00f3 clases en la UBA y en la Universidad de Palermo.<\/p>\n<p>Actualmente, trabaja en el Parque del Conocimiento, como dise\u00f1adora de vestuario del ballet cl\u00e1sico oficial y jefa de sastrer\u00eda. Tambi\u00e9n ha realizado vestuario para diferentes compa\u00f1\u00edas de danza y ballet independientes de Posadas, interior de Misiones, Chaco, Buenos Aires y Canad\u00e1.<\/p>\n<p>Desde 2022, colabora con Luciana Segura, coordinadora del FASHIONLAB en MIDI, desempe\u00f1ando diversas tareas y participando en MFW22 y MFW23, con el objetivo de impulsar el dise\u00f1o y el emprendedurismo misionero.<\/p>\n<p>[\/et_pb_cta][\/et_pb_column][et_pb_column type=\u00bb1_3&#8243; _builder_version=\u00bb4.21.0&#8243; _module_preset=\u00bbdefault\u00bb global_colors_info=\u00bb{}\u00bb][et_pb_image src=\u00bbhttps:\/\/midi.ar\/wp-content\/uploads\/2024\/06\/6.png\u00bb title_text=\u00bb4&#8243; align=\u00bbcenter\u00bb align_tablet=\u00bbcenter\u00bb align_phone=\u00bb\u00bb align_last_edited=\u00bbon|desktop\u00bb _builder_version=\u00bb4.21.0&#8243; _module_preset=\u00bbdefault\u00bb global_colors_info=\u00bb{}\u00bb][\/et_pb_image][et_pb_cta title=\u00bbLuciana Segura\u00bb button_text=\u00bbClics\u00bb _builder_version=\u00bb4.21.0&#8243; _module_preset=\u00bbdefault\u00bb header_font=\u00bbLOTA GROTESQUE BOLD||||||||\u00bb header_text_align=\u00bbleft\u00bb header_font_size=\u00bb37px\u00bb body_font=\u00bbLOTA GROTESQUE REGULAR||||||||\u00bb body_text_align=\u00bbleft\u00bb body_font_size=\u00bb18px\u00bb body_line_height=\u00bb1.4em\u00bb background_color=\u00bb#585FA6&#8243; custom_padding=\u00bb31px||1px||false|\u00bb header_font_size_tablet=\u00bb37px\u00bb header_font_size_phone=\u00bb26px\u00bb header_font_size_last_edited=\u00bbon|phone\u00bb body_font_size_tablet=\u00bb16px\u00bb body_font_size_phone=\u00bb14px\u00bb body_font_size_last_edited=\u00bbon|desktop\u00bb border_radii=\u00bbon|30px|30px|30px|30px\u00bb global_colors_info=\u00bb{}\u00bb]<\/p>\n<p>Disertante<\/p>\n<p>Dise\u00f1adora Industrial, graduada en 2016 de la Universidad Nacional de C\u00f3rdoba. Adem\u00e1s, se form\u00f3 en producci\u00f3n de moda y complet\u00f3 un posgrado en Dise\u00f1o de Indumentaria y Textil. En 2016, inici\u00f3 su propio emprendimiento de moda con la marca LOUZ, especializada en marroquiner\u00eda de cuero vacuno e indumentaria de autor, todo hecho en Misiones.<\/p>\n<p>En 2020, se uni\u00f3 a Misiones Dise\u00f1a como coordinadora del Fashion Lab, donde ha creado eventos como el Midi Fashion Week, cursos, masterclasses y editoriales de moda, con el objetivo de potenciar la industria de la moda en la provincia\u00a0de\u00a0Misiones.<\/p>\n<p>[\/et_pb_cta][\/et_pb_column][\/et_pb_row][\/et_pb_section][et_pb_section fb_built=\u00bb1&#8243; admin_label=\u00bbFooter Copyright\u00bb _builder_version=\u00bb4.21.0&#8243; _module_preset=\u00bbdefault\u00bb background_color=\u00bb#ffffff\u00bb custom_padding=\u00bb31px||31px||true|false\u00bb saved_tabs=\u00bball\u00bb locked=\u00bboff\u00bb collapsed=\u00bbon\u00bb global_colors_info=\u00bb{}\u00bb][et_pb_row _builder_version=\u00bb4.22.0&#8243; _module_preset=\u00bbdefault\u00bb custom_padding=\u00bb27px||27px||true|\u00bb global_colors_info=\u00bb{}\u00bb][et_pb_column type=\u00bb4_4&#8243; _builder_version=\u00bb4.22.0&#8243; _module_preset=\u00bbdefault\u00bb global_colors_info=\u00bb{}\u00bb][et_pb_button url_new_window=\u00bbon\u00bb button_text=\u00bbInscripciones Cerradas\u00bb button_alignment=\u00bbcenter\u00bb button_alignment_tablet=\u00bbleft\u00bb button_alignment_phone=\u00bbcenter\u00bb button_alignment_last_edited=\u00bbon|phone\u00bb _builder_version=\u00bb4.21.0&#8243; _module_preset=\u00bbdefault\u00bb custom_button=\u00bbon\u00bb button_text_size=\u00bb24px\u00bb button_text_color=\u00bb#ffffff\u00bb button_bg_color=\u00bb#ED7A00&#8243; button_border_width=\u00bb7px\u00bb button_border_color=\u00bb#ED7A00&#8243; button_border_radius=\u00bb100px\u00bb button_font=\u00bbLOTA GROTESQUE REGULAR||||||||\u00bb button_use_icon=\u00bboff\u00bb button_rel=\u00bboff|off|off|off|off\u00bb background_layout=\u00bbdark\u00bb custom_margin=\u00bb0px||||false|false\u00bb custom_margin_tablet=\u00bb-36px||19px||false|false\u00bb custom_margin_phone=\u00bb-36px||||false|false\u00bb custom_margin_last_edited=\u00bbon|phone\u00bb animation_style=\u00bbbounce\u00bb button_text_size_tablet=\u00bb16px\u00bb button_text_size_phone=\u00bb13px\u00bb button_text_size_last_edited=\u00bbon|tablet\u00bb locked=\u00bboff\u00bb global_colors_info=\u00bb{}\u00bb custom_margin__hover_enabled=\u00bboff|hover\u00bb][\/et_pb_button][\/et_pb_column][\/et_pb_row][\/et_pb_section]<\/p>\n","protected":false},"excerpt":{"rendered":"<p>Masterclass \u00bfc\u00f3mo emprender en moda? Nos complace presentarles un programa integral dise\u00f1ado para potenciar sus habilidades y conocimientos en \u00e1reas clave del emprendimiento en moda. Nuestro objetivo es proporcionarles las herramientas necesarias para gestionar con \u00e9xito un emprendimiento de moda, abarcando desde la concepci\u00f3n de una idea hasta la realizaci\u00f3n y comercializaci\u00f3n de sus colecciones. [&hellip;]<\/p>\n","protected":false},"author":2,"featured_media":0,"parent":0,"menu_order":0,"comment_status":"closed","ping_status":"closed","template":"","meta":{"_et_pb_use_builder":"on","_et_pb_old_content":"","_et_gb_content_width":"","footnotes":""},"class_list":["post-1475","page","type-page","status-publish","hentry"],"_links":{"self":[{"href":"https:\/\/midi.ar\/index.php\/wp-json\/wp\/v2\/pages\/1475","targetHints":{"allow":["GET"]}}],"collection":[{"href":"https:\/\/midi.ar\/index.php\/wp-json\/wp\/v2\/pages"}],"about":[{"href":"https:\/\/midi.ar\/index.php\/wp-json\/wp\/v2\/types\/page"}],"author":[{"embeddable":true,"href":"https:\/\/midi.ar\/index.php\/wp-json\/wp\/v2\/users\/2"}],"replies":[{"embeddable":true,"href":"https:\/\/midi.ar\/index.php\/wp-json\/wp\/v2\/comments?post=1475"}],"version-history":[{"count":10,"href":"https:\/\/midi.ar\/index.php\/wp-json\/wp\/v2\/pages\/1475\/revisions"}],"predecessor-version":[{"id":1573,"href":"https:\/\/midi.ar\/index.php\/wp-json\/wp\/v2\/pages\/1475\/revisions\/1573"}],"wp:attachment":[{"href":"https:\/\/midi.ar\/index.php\/wp-json\/wp\/v2\/media?parent=1475"}],"curies":[{"name":"wp","href":"https:\/\/api.w.org\/{rel}","templated":true}]}}